{"id":25593,"date":"2023-02-24T16:37:34","date_gmt":"2023-02-24T15:37:34","guid":{"rendered":"https:\/\/heartbrut.com\/?post_type=compendium&#038;p=25593"},"modified":"2025-11-27T12:26:08","modified_gmt":"2025-11-27T11:26:08","slug":"eglisesaintnicolas","status":"publish","type":"compendium","link":"https:\/\/heartbrut.com\/fr\/compendium\/eglisesaintnicolas\/","title":{"rendered":"\u00c9glise Saint Nicolas"},"content":{"rendered":"<p>Inaugur\u00e9 le 31 octobre 1971, le massif eccl\u00e9siastique de 17 m\u00e8tres de haut, qui s'\u00e9tend sur plusieurs plateaux, semble avoir \u00e9t\u00e9 taill\u00e9 dans la roche avec ses nombreuses ouvertures, ses coins et ses recoins. C'est une r\u00e9v\u00e9lation, et pas seulement pour les amateurs de b\u00e9ton apparent. Il n'est pas \u00e9tonnant que cette combinaison impressionnante de Gesamtkunstwerk et de b\u00e2timent polyvalent ait \u00e9t\u00e9 class\u00e9e monument national. Un p\u00e8lerinage.<\/p>\n<p>La mont\u00e9e commence de mani\u00e8re plut\u00f4t profane.La base abrite un bar, un magasin de village, un bureau de poste et des toilettes publiques. Des chalets ab\u00eem\u00e9s par les intemp\u00e9ries bordent la rue \u00e9troite. Un escalier en b\u00e9ton m\u00e8ne au plateau central expos\u00e9. Une fontaine en blocs de b\u00e9ton imbriqu\u00e9s gargouille au centre. Elle est d\u00e9cor\u00e9e de g\u00e9raniums rose vif, soigneusement dispos\u00e9s dans des jardini\u00e8res en Eternit par Willy Guhl. C'est sur cette esplanade pleine de courants d'air que se trouve l'entr\u00e9e principale de l'\u00e9glise, un peu cach\u00e9e. Avant d'entrer, il est bon de se reposer un moment, car vous allez \u00eatre \u00e9poustoufl\u00e9.<\/p>\n<p>L'int\u00e9rieur monumental est une r\u00e9v\u00e9lation, m\u00eame pour les incr\u00e9dules. Le vaste espace hexagonal, semblable \u00e0 une grotte, peut accueillir 1000 personnes. Les structures de b\u00e9ton expressionnistes attirent imm\u00e9diatement l'attention. La lumi\u00e8re indirecte qui tombe \u00e0 travers des ouvertures strat\u00e9giquement plac\u00e9es dans le plafond dentel\u00e9 ajoute un sentiment suppl\u00e9mentaire d'excitation qui fait froid dans le dos. Les \u00e9l\u00e9ments liturgiques sont en bois et incarnent l'esprit ouvert et inclusif du Concile Vatican II (1962-1965). Le long des murs et du plafond, des cadres en bois absorbent le bruit et encadrent les peintures de l'ancienne \u00e9glise. On ne peut s'emp\u00eacher de tomber \u00e0 genoux, tant la puissance architecturale de ce Gesamtkunstwerk est grande. Il n'a pas fallu de miracles pour que le chef-d'\u0153uvre de F\u00f6rderer obtienne rapidement le statut de patrimoine national.<\/p>\n<p>Mais le voyage ne s'arr\u00eate pas l\u00e0. Un escalier ext\u00e9rieur m\u00e8ne \u00e0 la rue d'\u00c9glise, o\u00f9 se trouvent l'arr\u00eat du car postal et l'acc\u00e8s au clocher. C'est l\u00e0 que F\u00f6rderer montre son c\u00f4t\u00e9 pragmatique et orient\u00e9 vers le service. En plus d'abriter une biblioth\u00e8que, le clocher est dot\u00e9 d'une plate-forme panoramique \u00e0 son sommet. Elle offre une vue imprenable sur le village, les pyramides de terre blanche d'Euseigne de l'autre c\u00f4t\u00e9 de la vall\u00e9e, la Dent Blanche enneig\u00e9e et d'autres hauts sommets des Alpes.<\/p>\n<p>Les romantiques se seraient d\u00e9lect\u00e9s du sublime bloc erratique de F\u00f6rderer. Dans les formations rocheuses d\u00e9chiquet\u00e9es, les escaliers en colima\u00e7on et les grottes sacr\u00e9es, ils se rencontrent, les grandes sc\u00e8nes helv\u00e9tiques de la nostalgie, le mythe et la modernit\u00e9, les montagnes et le b\u00e9ton. Quoi que l'avenir nous r\u00e9serve, le c\u0153ur et l'\u00e2me en b\u00e9ton d'H\u00e9r\u00e9mence continueront de battre, forts, indestructibles et beaux. Amen.<\/p>","protected":false},"featured_media":25587,"parent":0,"menu_order":0,"template":"","featured":[],"ch":[368],"compendium-category":[385,362,394],"international":[],"class_list":["post-25593","compendium","type-compendium","status-publish","has-post-thumbnail","hentry","ch-valais","compendium-category-1970s","compendium-category-switzerland","compendium-category-walter-maria-forderer"],"acf":[],"_links":{"self":[{"href":"https:\/\/heartbrut.com\/fr\/wp-json\/wp\/v2\/compendium\/25593","targetHints":{"allow":["GET"]}}],"collection":[{"href":"https:\/\/heartbrut.com\/fr\/wp-json\/wp\/v2\/compendium"}],"about":[{"href":"https:\/\/heartbrut.com\/fr\/wp-json\/wp\/v2\/types\/compendium"}],"version-history":[{"count":9,"href":"https:\/\/heartbrut.com\/fr\/wp-json\/wp\/v2\/compendium\/25593\/revisions"}],"predecessor-version":[{"id":38577,"href":"https:\/\/heartbrut.com\/fr\/wp-json\/wp\/v2\/compendium\/25593\/revisions\/38577"}],"wp:featuredmedia":[{"embeddable":true,"href":"https:\/\/heartbrut.com\/fr\/wp-json\/wp\/v2\/media\/25587"}],"wp:attachment":[{"href":"https:\/\/heartbrut.com\/fr\/wp-json\/wp\/v2\/media?parent=25593"}],"wp:term":[{"taxonomy":"featured","embeddable":true,"href":"https:\/\/heartbrut.com\/fr\/wp-json\/wp\/v2\/featured?post=25593"},{"taxonomy":"ch","embeddable":true,"href":"https:\/\/heartbrut.com\/fr\/wp-json\/wp\/v2\/ch?post=25593"},{"taxonomy":"compendium-category","embeddable":true,"href":"https:\/\/heartbrut.com\/fr\/wp-json\/wp\/v2\/compendium-category?post=25593"},{"taxonomy":"international","embeddable":true,"href":"https:\/\/heartbrut.com\/fr\/wp-json\/wp\/v2\/international?post=25593"}],"curies":[{"name":"wp","href":"https:\/\/api.w.org\/{rel}","templated":true}]}}